{"version":"1.0","provider_name":"Lyc\u00e9e Uruguay France","provider_url":"https:\/\/www.uruguayfrance.fr\/wp","author_name":"Lyc\u00e9e Uruguay France","author_url":"https:\/\/www.uruguayfrance.fr\/wp\/author\/admin\/","title":"La classe de 2de G\u00e9n\u00e9rale et Technologique - Lyc\u00e9e Uruguay France","type":"rich","width":600,"height":338,"html":"<blockquote class=\"wp-embedded-content\" data-secret=\"JEjYif6YjH\"><a href=\"https:\/\/www.uruguayfrance.fr\/wp\/la-classe-de-2de\/\">La classe de 2de G\u00e9n\u00e9rale et Technologique<\/a><\/blockquote><iframe sandbox=\"allow-scripts\" security=\"restricted\" src=\"https:\/\/www.uruguayfrance.fr\/wp\/la-classe-de-2de\/embed\/#?secret=JEjYif6YjH\" width=\"600\" height=\"338\" title=\"\u00ab\u00a0La classe de 2de G\u00e9n\u00e9rale et Technologique\u00a0\u00bb &#8212; Lyc\u00e9e Uruguay France\" data-secret=\"JEjYif6YjH\" frameborder=\"0\" marginwidth=\"0\" marginheight=\"0\" scrolling=\"no\" class=\"wp-embedded-content\"><\/iframe><script>\n\/*! This file is auto-generated *\/\n!function(d,l){\"use strict\";l.querySelector&&d.addEventListener&&\"undefined\"!=typeof URL&&(d.wp=d.wp||{},d.wp.receiveEmbedMessage||(d.wp.receiveEmbedMessage=function(e){var t=e.data;if((t||t.secret||t.message||t.value)&&!\/[^a-zA-Z0-9]\/.test(t.secret)){for(var s,r,n,a=l.querySelectorAll('iframe[data-secret=\"'+t.secret+'\"]'),o=l.querySelectorAll('blockquote[data-secret=\"'+t.secret+'\"]'),c=new RegExp(\"^https?:$\",\"i\"),i=0;i<o.length;i++)o[i].style.display=\"none\";for(i=0;i<a.length;i++)s=a[i],e.source===s.contentWindow&&(s.removeAttribute(\"style\"),\"height\"===t.message?(1e3<(r=parseInt(t.value,10))?r=1e3:~~r<200&&(r=200),s.height=r):\"link\"===t.message&&(r=new URL(s.getAttribute(\"src\")),n=new URL(t.value),c.test(n.protocol))&&n.host===r.host&&l.activeElement===s&&(d.top.location.href=t.value))}},d.addEventListener(\"message\",d.wp.receiveEmbedMessage,!1),l.addEventListener(\"DOMContentLoaded\",function(){for(var e,t,s=l.querySelectorAll(\"iframe.wp-embedded-content\"),r=0;r<s.length;r++)(t=(e=s[r]).getAttribute(\"data-secret\"))||(t=Math.random().toString(36).substring(2,12),e.src+=\"#?secret=\"+t,e.setAttribute(\"data-secret\",t)),e.contentWindow.postMessage({message:\"ready\",secret:t},\"*\")},!1)))}(window,document);\n\/\/# sourceURL=https:\/\/www.uruguayfrance.fr\/wp\/wp-includes\/js\/wp-embed.min.js\n<\/script>\n","thumbnail_url":"https:\/\/www.uruguayfrance.fr\/wp\/wp-content\/uploads\/img_Seconde-ge\u0301ne\u0301rale-et-technologique2-1024x540-1.jpg","thumbnail_width":1024,"thumbnail_height":540,"description":"La classe de seconde est l&#8217;ann\u00e9e qui conduit les \u00e9l\u00e8ves au cycle terminal des lyc\u00e9es d&#8217;enseignement g\u00e9n\u00e9ral et technologique menant au baccalaur\u00e9at g\u00e9n\u00e9ral ou technologique. Elle est con\u00e7ue pour permettre aux \u00e9l\u00e8ves de consolider leur ma\u00eetrise du socle commun de connaissances, de comp\u00e9tences et de culture afin de r\u00e9ussir la transition du coll\u00e8gue au lyc\u00e9e. [&hellip;]"}